{"id":638,"date":"2021-09-06T08:50:02","date_gmt":"2021-09-06T06:50:02","guid":{"rendered":"http:\/\/energif.cluster030.hosting.ovh.net\/?page_id=638"},"modified":"2021-09-06T08:57:40","modified_gmt":"2021-09-06T06:57:40","slug":"mentions-legales","status":"publish","type":"page","link":"https:\/\/energics.fr\/index.php\/mentions-legales\/","title":{"rendered":"MENTIONS L\u00c9GALES"},"content":{"rendered":"\n<p><\/p>\n\n\n\n<p><\/p>\n\n\n\n<div style=\"height:20px\" aria-hidden=\"true\" class=\"wp-block-spacer\"><\/div>\n\n\n\n<p><strong>\u00c9DITEUR \/ RESPONSABLE DE TRAITEMENT \/ RESPONSABLE DU SITE<\/strong><\/p>\n\n\n\n<p>ENERGICS<br>SAS inscrite au RCS de LYON sous le n\u00b0 89884105100011 au capital de 20 000 euros<br>Si\u00e8ge social : 33 rue de la R\u00e9publique, 69002 LYON<\/p>\n\n\n\n<p>Nom du directeur : Cedric PUPIER<br>T\u00e9l\u00e9phone : +33 4 81 91 50 82<br>Email de contact : <a href=\"mailto:contact@energics.fr\">contact@energics.fr<\/a><\/p>\n\n\n\n<p><\/p>\n\n\n\n<p><\/p>\n\n\n\n<div style=\"height:20px\" aria-hidden=\"true\" class=\"wp-block-spacer\"><\/div>\n\n\n\n<p><strong>H\u00c9BERGEUR<\/strong><\/p>\n\n\n\n<p>OVH<br>SAS inscrite au RCS de LILLE M\u00e9tropole sous le n\u00b0424 761 419 00045<br>Si\u00e8ge social : 2 rue Kellermann, 59100 Roubaix<br>T\u00e9l&nbsp;: 1007<\/p>\n\n\n\n<p><\/p>\n\n\n\n<p><\/p>\n\n\n\n<div style=\"height:20px\" aria-hidden=\"true\" class=\"wp-block-spacer\"><\/div>\n\n\n\n<p><strong>DONN\u00c9ES PERSONNELLES<\/strong><\/p>\n\n\n\n<p>ENERGICS peut vous demander de renseigner des informations \u00e0 caract\u00e8re personnel afin de r\u00e9pondre \u00e0 vos demandes et\/ou vous adresser nos newsletters, nos plaquettes ou nos devis.<\/p>\n\n\n\n<p>Ces informations peuvent inclure des donn\u00e9es de contact telles que votre nom, votre adresse postale, votre adresse e-mail (personnelle ou professionnelle) et votre num\u00e9ro de t\u00e9l\u00e9phone.<\/p>\n\n\n\n<p>Les donn\u00e9es \u00e0 caract\u00e8re personnel recueillies font l\u2019objet de traitements pour les finalit\u00e9s d\u00e9finies ci-dessus, sur le fondement de l\u2019ex\u00e9cution du contrat ou de mesures pr\u00e9contractuelles. Ces donn\u00e9es \u00e0 caract\u00e8re personnel ne sont pas transf\u00e9r\u00e9es \u00e0 des tiers. Ces donn\u00e9es \u00e0 caract\u00e8re personnel sont conserv\u00e9es pendant 3 ans \u00e0 compter de la fin de la relation commerciale ou, en l\u2019absence de relation commerciale, \u00e0 compter de la date de collecte.<\/p>\n\n\n\n<p>Pendant cette p\u00e9riode de conservation des donn\u00e9es \u00e0 caract\u00e8re personnel, vous avez le droit de demander ENERGICS d\u2019avoir acc\u00e8s \u00e0 ces donn\u00e9es, de les rectifier, de demander leur effacement, de vous opposer au traitement de ces donn\u00e9es ou le limiter, de recevoir lesdites donn\u00e9es \u00e0 caract\u00e8re personnel sous un format structur\u00e9 afin de les transmettre \u00e0 un autre responsable de traitement (portabilit\u00e9 des donn\u00e9es) dans les conditions du R\u00e8glement g\u00e9n\u00e9ral sur la protection des donn\u00e9es (n\u00b02016\/679) et de la loi n\u00b078-17 du 6 janvier 1978 relative \u00e0 l\u2019informatique, aux fichiers et aux libert\u00e9s.<\/p>\n\n\n\n<p>Ces droits peuvent \u00eatre exerc\u00e9s en contactant le responsable de traitement \u00e0 l\u2019adresse suivante : contact@energics.fr.<\/p>\n\n\n\n<p>Conform\u00e9ment \u00e0 la r\u00e8glementation applicable, vos \u00e9ventuelles r\u00e9clamations peuvent \u00eatre d\u00e9pos\u00e9es aupr\u00e8s de la Commission Nationale Informatique et Libert\u00e9s \u2013 CNIL.<\/p>\n\n\n\n<p><\/p>\n\n\n\n<p><\/p>\n\n\n\n<div style=\"height:20px\" aria-hidden=\"true\" class=\"wp-block-spacer\"><\/div>\n\n\n\n<p><strong>PROPRI\u00c9T\u00c9 INTELLECTUELLE<\/strong><\/p>\n\n\n\n<p>Ce site web (charte graphique, textes, logos, ic\u00f4nes, etc.) constitue une \u0153uvre prot\u00e9g\u00e9e par des droits d\u2019auteurs en France et \u00e0 l\u2019\u00e9tranger.<\/p>\n\n\n\n<p><\/p>\n\n\n\n<p><\/p>\n\n\n\n<div style=\"height:20px\" aria-hidden=\"true\" class=\"wp-block-spacer\"><\/div>\n\n\n\n<p><strong>COOKIES<\/strong><\/p>\n\n\n\n<p>Ce site web utilise des cookies. Non ! Pas ceux au chocolat. Ceux qui garantissent le fonctionnement parfait de notre mesure d\u2019audience. Alors tout \u00e7a c\u2019est du charabia marketing, mais les cookies nous permettent de personnaliser le contenu et les annonces, d\u2019offrir des fonctionnalit\u00e9s relatives aux m\u00e9dias sociaux et d\u2019analyser notre trafic. Nous partageons \u00e9galement des informations sur l\u2019utilisation de notre site avec nos partenaires de m\u00e9dias sociaux, de publicit\u00e9 et d\u2019analyse, qui peuvent combiner celles-ci avec d\u2019autres informations que vous leur avez fournies ou qu\u2019ils ont collect\u00e9es lors de votre utilisation de leurs services.\u2026 et c\u2019est tout ! Et tout \u00e7a, nous a donn\u00e9 envie d\u2019en grignoter quelques-uns\u2026 Pas vous ?<\/p>\n\n\n\n<p>Les cookies sont des petits fichiers textes qui peuvent \u00eatre utilis\u00e9s par les sites web pour rendre l\u2019exp\u00e9rience utilisateur plus efficace.<\/p>\n\n\n\n<p>La loi stipule que nous ne pouvons stocker des cookies sur votre appareil que s\u2019ils sont strictement n\u00e9cessaires au fonctionnement de ce site. Pour tous les autres types de cookies, nous avons besoin de votre permission.<\/p>\n\n\n\n<p>Certains cookies sont plac\u00e9s par les services tiers qui apparaissent sur nos pages. Votre consentement est demand\u00e9 lors de la premi\u00e8re visite sur ce site, \u00e0 travers le bandeau de navigation. \u00c0 tout moment, vous pouvez donner, modifier ou retirer votre consentement d\u00e8s la D\u00e9claration relative aux cookies sur notre site web.<\/p>\n\n\n\n<p>n\u00e9cessaires :<\/p>\n\n\n\n<p>Les cookies n\u00e9cessaires contribuent \u00e0 rendre un site web utilisable en activant des fonctions de base comme la navigation de page et l\u2019acc\u00e8s aux zones s\u00e9curis\u00e9es du site web. Le site web ne peut pas fonctionner correctement sans ces cookies.<\/p>\n\n\n\n<p>Pr\u00e9f\u00e9rences :<\/p>\n\n\n\n<p>Les cookies de pr\u00e9f\u00e9rences permettent \u00e0 un site web de retenir des informations qui modifient la mani\u00e8re dont le site se comporte ou s\u2019affiche, comme votre langue pr\u00e9f\u00e9r\u00e9e ou la r\u00e9gion dans laquelle vous vous situez.<\/p>\n\n\n\n<p>Statistiques :<\/p>\n\n\n\n<p>Les cookies statistiques aident les propri\u00e9taires du site web, par la collecte et la communication d\u2019informations de mani\u00e8re anonyme, \u00e0 comprendre comment les visiteurs interagissent avec les sites web.<\/p>\n\n\n\n<p>Marketing :<\/p>\n\n\n\n<p>Les cookies marketing sont utilis\u00e9s pour effectuer le suivi des visiteurs au travers des sites web. Le but est d\u2019afficher des publicit\u00e9s qui sont pertinentes et int\u00e9ressantes pour l\u2019utilisateur individuel et donc plus pr\u00e9cieuses pour les \u00e9diteurs et annonceurs tiers.<\/p>\n\n\n\n<div style=\"height:20px\" aria-hidden=\"true\" class=\"wp-block-spacer\"><\/div>\n","protected":false},"excerpt":{"rendered":"<p>\u00c9DITEUR \/ RESPONSABLE DE TRAITEMENT \/ RESPONSABLE DU SITE ENERGICSSAS inscrite au RCS de LYON sous le n\u00b0 89884105100011 au capital de 20 000 eurosSi\u00e8ge social : 33 rue de la R\u00e9publique, 69002 LYON Nom du directeur : Cedric PUPIERT\u00e9l\u00e9phone : +33 4 81 91&#8230;<\/p>\n","protected":false},"author":1,"featured_media":0,"parent":0,"menu_order":0,"comment_status":"closed","ping_status":"closed","template":"","meta":[],"_links":{"self":[{"href":"https:\/\/energics.fr\/index.php\/wp-json\/wp\/v2\/pages\/638"}],"collection":[{"href":"https:\/\/energics.fr\/index.php\/wp-json\/wp\/v2\/pages"}],"about":[{"href":"https:\/\/energics.fr\/index.php\/wp-json\/wp\/v2\/types\/page"}],"author":[{"embeddable":true,"href":"https:\/\/energics.fr\/index.php\/wp-json\/wp\/v2\/users\/1"}],"replies":[{"embeddable":true,"href":"https:\/\/energics.fr\/index.php\/wp-json\/wp\/v2\/comments?post=638"}],"version-history":[{"count":5,"href":"https:\/\/energics.fr\/index.php\/wp-json\/wp\/v2\/pages\/638\/revisions"}],"predecessor-version":[{"id":643,"href":"https:\/\/energics.fr\/index.php\/wp-json\/wp\/v2\/pages\/638\/revisions\/643"}],"wp:attachment":[{"href":"https:\/\/energics.fr\/index.php\/wp-json\/wp\/v2\/media?parent=638"}],"curies":[{"name":"wp","href":"https:\/\/api.w.org\/{rel}","templated":true}]}}